{"id":802,"date":"2016-06-27T08:48:32","date_gmt":"2016-06-27T08:48:32","guid":{"rendered":"https:\/\/www.tgdf.org.tr\/chn\/yeni1\/?page_id=802"},"modified":"2021-10-27T03:05:37","modified_gmt":"2021-10-27T00:05:37","slug":"alkider","status":"publish","type":"page","link":"https:\/\/www.tgdf.org.tr\/chn\/alkider\/","title":{"rendered":"ALK\u0130DER"},"content":{"rendered":"<div class=\"wpb-content-wrapper\"><p>[vc_row][vc_column width=\"1\/2\"][vc_text_separator title=\"\u201cALKOLL\u00dc \u0130\u00c7K\u0130 \u00dcRET\u0130C\u0130LER\u0130 VE \u0130THALAT\u00c7ILARI DERNE\u011e\u0130 (ALK\u0130DER)\u201d\" title_align=\"separator_align_left\" color=\"black\"][\/vc_column][vc_column width=\"1\/2\"][vc_text_separator title=\"\u0130LET\u0130\u015e\u0130M B\u0130LG\u0130LER\u0130\" title_align=\"separator_align_left\" color=\"black\"][\/vc_column][\/vc_row][vc_row][vc_column width=\"1\/2\"][vc_column_text]<\/p>\n<p style=\"text-align: justify;\">2012 y\u0131l\u0131nda ba\u015fta rak\u0131, votka, viski, cin, lik\u00f6r gibi distile alkoll\u00fc i\u00e7kiler ve \u015farap kategorisi olmak \u00fczere geni\u015f bir kategoride \u00fcretim, ithalat ve ihracat alanlar\u0131nda faaliyette bulunan sekt\u00f6r\u00fcn \u00f6nc\u00fc sekiz firmas\u0131 ve bu firmalar\u0131n \u00fcst d\u00fczey y\u00f6netici ve sekt\u00f6r \u00e7al\u0131\u015fanlar\u0131n\u0131n kat\u0131l\u0131m\u0131 ile toplam 22 ki\u015finin bir araya gelmesi ile kurulmu\u015ftur.<\/p>\n<p style=\"text-align: justify;\">Derne\u011fin t\u00fczel ki\u015fi 8 kurucu \u00fcyesi,<\/p>\n<ol class=\"listt\" style=\"text-align: justify;\">\n<li>Mey \u0130\u00e7ki Sanayi ve Ticaret A.\u015e.<\/li>\n<li>Mey Alkoll\u00fc \u0130\u00e7kiler Sanayi ve Ticaret A.\u015e.<\/li>\n<li>Allied Domecq \u0130stanbul \u0130\u00e7 ve D\u0131\u015f Ticaret Ltd.\u015eti.<\/li>\n<li>Brown Forman \u0130\u00e7ki Ticaret Ltd.\u015eti.<\/li>\n<li>Bacardi Martini Sat\u0131\u015f Pazarlama Da\u011f\u0131t\u0131m ve Ticaret Ltd.\u015eti.<\/li>\n<li>BT Sat\u0131\u015f Pazarlama ve Ticaret A.\u015e.<\/li>\n<li>Topkap\u0131 \u0130\u00e7ecek Da\u011f\u0131t\u0131m Pazarlama A.\u015e.<\/li>\n<li>Demirta\u015f G\u0131da \u0130n\u015faat Organizasyon Dan\u0131\u015fmanl\u0131k San. Ve Tic. Ltd.\u015eti.<\/li>\n<\/ol>\n<p style=\"text-align: justify;\">\u015firketlerinden olu\u015fmaktad\u0131r.<\/p>\n<p style=\"text-align: justify;\">\u0130stanbul \u0130l Dernekler M\u00fcd\u00fcrl\u00fc\u011f\u00fc\u2019n\u00fcn 05.12.2012 tarihli kurulu\u015f onay\u0131 \u00fczerine ALK\u0130DER, \u0130stanbul merkezli sekt\u00f6rel dernek olarak faaliyetine ba\u015flam\u0131\u015ft\u0131r. ALK\u0130DER\u2019in ilk Genel Kurulu 10.04.2013 tarihinde yap\u0131lm\u0131\u015f ve Genel Kurul\u2019da 3 y\u0131l s\u00fcreli\u011fine ilk Y\u00f6netim Kurulu Ba\u015fkan\u0131 olarak Say\u0131n Ali Galip Yorganc\u0131o\u011flu se\u00e7ilmi\u015ftir.<\/p>\n<p style=\"text-align: justify;\"><strong>ALK\u0130DER<\/strong>\u2019in kurulu\u015f amac\u0131 \u00f6zetle, sadece distile alkoll\u00fc i\u00e7ki sekt\u00f6r\u00fc de\u011fil, t\u00fcm alkoll\u00fc i\u00e7ki sekt\u00f6r\u00fcnde ticari ve s\u0131nai faaliyetin geli\u015fimi ve koordinasyonuna destek sa\u011flamak, alkoll\u00fc i\u00e7ki sekt\u00f6r\u00fcnde \u00fcretim, ithalat, sat\u0131\u015f ve da\u011f\u0131t\u0131m faaliyetinde bulunan \u00fcyelerini yurt \u00e7ap\u0131nda ve uluslararas\u0131 alanda tan\u0131t\u0131m\u0131n\u0131 temsil etmek, sekt\u00f6r\u00fcn faaliyet alan\u0131nda bulunan t\u00fcm kamu kurulu\u015flar\u0131 ve \u00f6zel sekt\u00f6r ile ortak \u00e7al\u0131\u015fmalar yapmak, \u00fcyelerini bu platformlarda temsil etmek, kamu sa\u011fl\u0131\u011f\u0131 ve bilin\u00e7li t\u00fcketimi g\u00f6zeterek, alkoll\u00fc i\u00e7kilerin yasalara uygun ve adil rekabet ortam\u0131nda \u00fcretim ve sat\u0131\u015f\u0131 faaliyetlerine destek olarak sekt\u00f6r\u00fcn geli\u015fimine katk\u0131da bulunmakt\u0131r.<\/p>\n<p style=\"text-align: justify;\">Bu ama\u00e7la ALK\u0130DER, kuruldu\u011fu g\u00fcnden bu yana \u00fcyelerini ba\u015fta T\u00fct\u00fcn ve Alkol Piyasas\u0131 D\u00fczenleme Kurumu (TAPDK), G\u0131da, Tar\u0131m ve Hayvanc\u0131l\u0131k Bakanl\u0131\u011f\u0131, Maliye Bakanl\u0131\u011f\u0131, TOBB \u0130\u00e7ecek Meclisi ve ili\u015fkili t\u00fcm kurum ve kurulu\u015flarda temsil etmektedir.<\/p>\n<p style=\"text-align: justify;\">ALK\u0130DER ayn\u0131 zamanda T\u00fcrkiye G\u0131da Dernekleri Federasyonu (TGDF) \u00fcyesidir.<\/p>\n<p>[\/vc_column_text][\/vc_column][vc_column width=\"1\/2\"][vc_column_text]<\/p>\n<table>\n<tbody>\n<tr>\n<td><b>Ba\u015fkan:<\/b><\/td>\n<td><strong>Levent K\u00f6m\u00fcr<\/strong><\/td>\n<\/tr>\n<tr>\n<td><b>Telefon:<\/b><\/td>\n<td>0 212 373 45 11\u00a0Fax: 0 212 373 45\u00a059<\/td>\n<\/tr>\n<tr>\n<td><b>E-mail:<\/b><\/td>\n<td><\/td>\n<\/tr>\n<tr>\n<td><b>Adres:<\/b><\/td>\n<td>Abide-i H\u00fcrriyet Cad. No:211 Bolkan Center\u00a0B Blok Kat:1\/A\u00a0\u015ei\u015fli\/ \u0130STANBUL<\/td>\n<\/tr>\n<tr>\n<td><b>Genel Sekreter:<\/b><\/td>\n<td><b>\u00dclk\u00fc Sakalar<\/b><\/td>\n<\/tr>\n<tr>\n<td><b>Telefon:<\/b><\/td>\n<td>0 212 373 44 95\u00a0Fax: 0 212 373 45 49<\/td>\n<\/tr>\n<tr>\n<td><b>E-mail:<\/b><\/td>\n<td><\/td>\n<\/tr>\n<tr>\n<td><b>Adres:<\/b><\/td>\n<td>Abide-i H\u00fcrriyet Cad. No:211 Bolkan Center\u00a0B Blok Kat:1\/A\u00a0\u015ei\u015fli\/ \u0130STANBUL<\/td>\n<\/tr>\n<tr>\n<td><b>Web Adresi:<\/b><\/td>\n<td><a href=\"http:\/\/www.alkider.org.tr\/\" target=\"_blank\" rel=\"noopener\">http:\/\/www.alkider.org.tr<\/a><\/td>\n<\/tr>\n<\/tbody>\n<\/table>\n<p>[\/vc_column_text][\/vc_column][\/vc_row]<\/p>\n<\/div>","protected":false},"excerpt":{"rendered":"<p>[vc_row][vc_column width=&#8221;1\/2&#8243;][vc_text_separator title=&#8221;\u201cALKOLL\u00dc \u0130\u00c7K\u0130 \u00dcRET\u0130C\u0130LER\u0130 VE \u0130THALAT\u00c7ILARI DERNE\u011e\u0130 (ALK\u0130DER)\u201d&#8221; title_align=&#8221;separator_align_left&#8221; color=&#8221;black&#8221;][\/vc_column][vc_column width=&#8221;1\/2&#8243;][vc_text_separator title=&#8221;\u0130LET\u0130\u015e\u0130M B\u0130LG\u0130LER\u0130&#8221; title_align=&#8221;separator_align_left&#8221; color=&#8221;black&#8221;][\/vc_column][\/vc_row][vc_row][vc_column width=&#8221;1\/2&#8243;][vc_column_text] 2012 y\u0131l\u0131nda ba\u015fta rak\u0131, votka, viski, cin, lik\u00f6r gibi distile alkoll\u00fc i\u00e7kiler ve \u015farap kategorisi olmak \u00fczere geni\u015f bir kategoride \u00fcretim, ithalat ve ihracat alanlar\u0131nda faaliyette bulunan sekt\u00f6r\u00fcn \u00f6nc\u00fc sekiz firmas\u0131 ve bu firmalar\u0131n \u00fcst d\u00fczey y\u00f6netici ve [&hellip;]<\/p>\n","protected":false},"author":1436,"featured_media":0,"parent":0,"menu_order":0,"comment_status":"closed","ping_status":"closed","template":"","meta":{"footnotes":""},"class_list":["post-802","page","type-page","status-publish","hentry"],"_links":{"self":[{"href":"https:\/\/www.tgdf.org.tr\/chn\/wp-json\/wp\/v2\/pages\/802","targetHints":{"allow":["GET"]}}],"collection":[{"href":"https:\/\/www.tgdf.org.tr\/chn\/wp-json\/wp\/v2\/pages"}],"about":[{"href":"https:\/\/www.tgdf.org.tr\/chn\/wp-json\/wp\/v2\/types\/page"}],"author":[{"embeddable":true,"href":"https:\/\/www.tgdf.org.tr\/chn\/wp-json\/wp\/v2\/users\/1436"}],"replies":[{"embeddable":true,"href":"https:\/\/www.tgdf.org.tr\/chn\/wp-json\/wp\/v2\/comments?post=802"}],"version-history":[{"count":0,"href":"https:\/\/www.tgdf.org.tr\/chn\/wp-json\/wp\/v2\/pages\/802\/revisions"}],"wp:attachment":[{"href":"https:\/\/www.tgdf.org.tr\/chn\/wp-json\/wp\/v2\/media?parent=802"}],"curies":[{"name":"wp","href":"https:\/\/api.w.org\/{rel}","templated":true}]}}