{"id":523,"date":"2016-06-23T11:42:22","date_gmt":"2016-06-23T11:42:22","guid":{"rendered":"https:\/\/www.tgdf.org.tr\/chn\/yeni1\/?page_id=523"},"modified":"2020-10-02T14:01:38","modified_gmt":"2020-10-02T14:01:38","slug":"tuzuk","status":"publish","type":"page","link":"https:\/\/www.tgdf.org.tr\/chn\/hakkimizda\/tuzuk\/","title":{"rendered":"\u5baa\u7ae0"},"content":{"rendered":"<div class=\"wpb-content-wrapper\"><p>[vc_row][vc_column][vc_column_text]<\/p>\n<h2 style=\"text-align: center;\"><strong>T\u00dcRK<\/strong><strong>\u0130YE GIDA VE \u0130\u00c7ECEK SANAY\u0130 DERNEKLER\u0130 FEDERASYONU\u00a0<\/strong><\/h2>\n<h2 style=\"text-align: center;\"><strong style=\"font-size: 16px;\">T\u00dcZ\u00dc\u011e\u00dc<\/strong><\/h2>\n<p><strong>\u00a0<\/strong><\/p>\n<p><strong>KURULU\u015e<\/strong><\/p>\n<p><strong>Madde 1-\u00a0 <\/strong>Kurulu\u015f ama\u00e7lar\u0131 ayni olan, a\u015fa\u011f\u0131da 3.\u00fcnc\u00fc maddede \u00f6zetlenen ama\u00e7lar\u0131 ger\u00e7ekle\u015ftirmek i\u00e7in<br \/>\n\u00fcye s\u0131fat\u0131yla bir araya gelmek \u00fczere \u201cG\u0131da ve \u0130\u00e7ecek Sanayi Dernekleri Federasyonu\u201d kurulmu\u015ftur.<\/p>\n<p><strong>\u00a0<\/strong><\/p>\n<p><strong>FEDERASYONUN ADI VE MERKEZ\u0130<\/strong><\/p>\n<p><strong>\u00a0<\/strong><\/p>\n<p><strong>Madde 2-\u00a0 <\/strong>Federasyon\u2019un ad\u0131; \u201cT\u00fcrkiye G\u0131da ve \u0130\u00e7ecek Sanayi Dernekleri Federasyonu\u201d olup merkezi \u0130stanbul\u2019dad\u0131r. Federasyonun \u015fubesi yoktur.<\/p>\n<p>&nbsp;<\/p>\n<p><strong>FEDERASYONUN AMACI<\/strong><\/p>\n<p><strong>Madde 3- <\/strong>T\u00fcrkiye\u2019de hammaddesi tar\u0131ma dayal\u0131 ( Bitkisel ve Hayvansal ) ve i\u015flenmi\u015f tar\u0131m \u00fcr\u00fcnlerinde faaliyet g\u00f6stermek, ortak ilke ve hedefleri benimsemek, sekt\u00f6rel kurulu\u015flar\u0131n ulusal, ekonomik politikalar\u0131n\u0131n olu\u015fturulmas\u0131na katk\u0131da bulunmak, Sekt\u00f6rdeki kurulu\u015flar\u0131n uluslararas\u0131 kurum ve kurulu\u015flarla entegrasyonunu sa\u011flama y\u00f6n\u00fcnde projeler geli\u015ftirmek, sorunlar\u0131 ve \u00e7\u00f6z\u00fcm \u00f6nerilerini kamuoyu ile yetkili kurum ve kurulu\u015flara duyurmak, g\u00fcn\u00fcm\u00fcz g\u0131da \u00fcretim teknikleri gere\u011fi \u00fcyeleri toplam kalite ve kodeks kurallar\u0131na uyumu benimsemi\u015f, t\u00fcm yasal gereklilikleri yerine getirmi\u015f, t\u00fcketici sa\u011fl\u0131\u011f\u0131n\u0131 \u00f6n pl\u00e2nda tutan, haks\u0131z rekabete yol a\u00e7mayacak,\u00a0 \u00e7al\u0131\u015fma \u015fartlar\u0131n\u0131 ve sekt\u00f6rel oto kontrol\u00fc benimseyen \u00e7al\u0131\u015fmalar yapmakt\u0131r.<\/p>\n<p>Federasyon\u2019un olu\u015fturulmas\u0131ndaki temel ama\u00e7, bir \u00e7at\u0131 alt\u0131nda bir araya gelen derneklerin tan\u0131m ve ilkeler \u00e7er\u00e7evesinde birlikteli\u011fini ve g\u0131da \u00fcr\u00fcnlerimizin k\u00fcresel rekabete, norm ve standartlara uygun bir \u015fekilde \u00fcretilmesini, i\u00e7 piyasada sat\u0131lmas\u0131n\u0131, ihra\u00e7 ve ithal edilmesini sa\u011flamak, halk\u0131n beslenme sorununu sa\u011fl\u0131kl\u0131,\u00a0 bilin\u00e7li ve en ekonomik bir \u00e7\u00f6z\u00fcme kavu\u015fturmaya y\u00f6nelik \u00e7al\u0131\u015fmalarda bulunmakt\u0131r.<\/p>\n<p>&nbsp;<\/p>\n<p>Federasyon i\u015fbu madde 3\u2019te say\u0131lan ama\u00e7lar\u0131 ger\u00e7ekle\u015ftirmek i\u00e7in \u00e7at\u0131s\u0131 alt\u0131ndaki derneklerin ve\/veya bu dernek \u00fcyelerinin menfaatlerini ihlal eden her t\u00fcrl\u00fc yasa, y\u00f6netmelik, tebli\u011f, ve bunlarla s\u0131n\u0131rl\u0131 olmamak \u00fczere her t\u00fcrl\u00fc idari d\u00fczenleme ve \u0130dari i\u015fleme kar\u015f\u0131 Anayasa Mahkemesi, Yarg\u0131tay, Dan\u0131\u015ftay ve B\u00f6lge ve \u0130lk Derece \u0130dare Mahkemeleri dahil ve bunlarla s\u0131n\u0131rl\u0131 olmamak \u00fczere, her t\u00fcrl\u00fc adli ve idari yarg\u0131 mercii nezdinde, \u00e7at\u0131s\u0131 alt\u0131ndaki derneklerin ve\/veya bu dernek \u00fcyelerini temsilen ve onlar\u0131n haklar\u0131n\u0131 korumay\u0131 teminen gerekli her t\u00fcrl\u00fc yasal ba\u015fvuru ve \u015fikayetleri yapabilir, davalar\u0131 a\u00e7abilir, gerekti\u011finde bu davalardan feragat veya sulh olabilir, gerek g\u00f6rmesi halinde \u00e7at\u0131s\u0131 alt\u0131ndaki derneklerin veya dernek \u00fcyelerinin a\u00e7t\u0131\u011f\u0131 her t\u00fcrl\u00fc davaya m\u00fcdahil, kat\u0131lan s\u0131fat\u0131yla kat\u0131labilir.<\/p>\n<p><strong>FEDERASYONUN \u00c7ALI\u015eMA KONULARI VE \u00c7ALI\u015eMA B\u0130\u00c7\u0130M\u0130 \u0130LE FAAL\u0130YET ALANI<\/strong><\/p>\n<p>&nbsp;<\/p>\n<p><strong>Madde 4- <\/strong>Federasyon, amac\u0131n\u0131 ger\u00e7ekle\u015ftirmek i\u00e7in;<\/p>\n<p>a-Gerekli ta\u015f\u0131n\u0131r ve ta\u015f\u0131nmaz mallar\u0131 sat\u0131n alabilir, kiralayabilir ve satabilir. Gerek kendi ve gerekse ba\u015fkalar\u0131n\u0131n \u00fczerinde bulunan ta\u015f\u0131nmaz mallar \u00fczerine her t\u00fcrl\u00fc hak tesis edebilir, kald\u0131rabilir ve in\u015faat yapabilir. \u015eirket kurabilir.<\/p>\n<p>b-Anayasa ve yaslardan do\u011fan ve bu t\u00fcz\u00fckte belirlenen konularda ama\u00e7lar\u0131n\u0131 ger\u00e7ekle\u015ftirmek i\u00e7in \u00e7al\u0131\u015fmalar yapar.<\/p>\n<p>&nbsp;<\/p>\n<p>c-Ama\u00e7lar\u0131n\u0131 ger\u00e7ekle\u015ftirmek i\u00e7in; ara\u015ft\u0131rma yapabilir ve yapt\u0131rabilir, e\u011fitim i\u00e7in gerekli \u00f6rg\u00fctsel ve mekansal organizasyonu sa\u011flar, bilimsel ara\u015ft\u0131rmalar yapabilir ve yapt\u0131rabilir, fuar, \u015fenlik, sergi,\u00a0 panel,\u00a0 sempozyum,\u00a0 kollukyum,\u00a0 konferans,\u00a0 kurs,\u00a0 a\u00e7\u0131k oturum,\u00a0 k\u00fclt\u00fcrel ve sanatsal etkinlikler, yar\u0131\u015fma, balo, gece, yemekli toplant\u0131 d\u00fczenleyebilir, burs ve \u00f6d\u00fcl verebilir, yurt d\u0131\u015f\u0131na e\u011fitim ama\u00e7l\u0131 olarak elaman g\u00f6nderebilir, \u00fcniversiteler, akademiler, y\u00fcksek okullar, k\u00fcrs\u00fcler,\u00a0 resmi kurum ve kurulu\u015flar,\u00a0 \u00f6zel kurulu\u015flar,\u00a0 vak\u0131flar,\u00a0 dernekler ile i\u015fbirli\u011finde \u00a0\u00a0\u00a0\u00a0 bulunabilir, her t\u00fcrl\u00fc ayni, \u015fahsi ve fikri haklar al\u0131nabilir, bunlar \u00fczerinde kurulu her t\u00fcrl\u00fc hukuki tasarrufta bulunabilir,\u00a0 te\u015fvik \u00f6d\u00fclleri vermek, kitap,\u00a0 bro\u015f\u00fcr,\u00a0 b\u00fclten,\u00a0 dergi ve benzerlerini \u00e7\u0131kartabilir, yurt i\u00e7i ve d\u0131\u015f\u0131nda \u00fcniversite, akademi, y\u00fcksek okul, ara\u015ft\u0131rma merkezleri ve ki\u015filerle i\u015fbirli\u011finde bulunabilir, kitap, dergi, gazete, b\u00fclten, film, video, plak, kaset ve benzeri her t\u00fcrl\u00fc yay\u0131n arac\u0131 ile yurt i\u00e7inde ve yurt d\u0131\u015f\u0131nda tan\u0131t\u0131c\u0131 ve e\u011fitici \u00e7al\u0131\u015fmalarda bulunabilir,\u00a0 bu \u00e7al\u0131\u015fmalar i\u00e7in gerekli tesisleri ve laboratuarlar\u0131 kurabilir,\u00a0 i\u015fletebilir,\u00a0 i\u015fletmesini ba\u015fkalar\u0131na devredebilir,\u00a0 gerekli yasal izinleri alarak bu \u00e7al\u0131\u015fmalar\u0131n\u0131 yabanc\u0131lar ile yapabilir ve\u00a0 \/ veya \u00e7al\u0131\u015fmalar\u0131n\u0131 yurt d\u0131\u015f\u0131nda da ger\u00e7ekle\u015ftirebilir.<\/p>\n<p>&nbsp;<\/p>\n<p>Federasyon, bu konularda ta\u015f\u0131nmaz mal al\u0131m sat\u0131m\u0131 yapabilir, bunlar\u0131 kiraya verebilir, gerekli yasal i\u015flemleri yaparak i\u015fletme a\u00e7abilir, ba\u015fkalar\u0131na \u00e7al\u0131\u015ft\u0131rabilir ve lokal a\u00e7abilir.<\/p>\n<p>&nbsp;<\/p>\n<p>Federasyon, Federasyonun Amac\u0131 ba\u015fl\u0131kl\u0131 Madde 3 son paragrafta belirtilen i\u015flemleri bizzat y\u00fcr\u00fctebilece\u011fi gibi kendisini temsilen bu i\u015flemleri takip etmek \u00fczere bir vekil tayin edebilir.<\/p>\n<p><strong>\u00c7ALI\u015eMA \u0130LKELER\u0130<\/strong><\/p>\n<p><strong>\u00a0<\/strong><\/p>\n<p><strong>Madde 5-<\/strong><\/p>\n<p>a-\u0130nsan hayat\u0131na de\u011fer veren, kar\u015f\u0131l\u0131kl\u0131 yard\u0131m severlik, g\u00f6n\u00fcll\u00fcl\u00fck, d\u00fcr\u00fcstl\u00fck ve g\u00fcvenirlilik prensiplerine uygun d\u00fc\u015f\u00fcnce ve hareket i\u00e7erisinde, dil, din, \u0131rk ve cinsiyet ay\u0131r\u0131m\u0131 g\u00f6zetmeksizin evrensel ilkeler i\u00e7inde \u00e7al\u0131\u015fmay\u0131 hedefler.<\/p>\n<p>&nbsp;<\/p>\n<p>b-Daima kamuoyunun \u00e7\u0131karlar\u0131 do\u011frultusunda hareket eder.<\/p>\n<p>&nbsp;<\/p>\n<p>c-\u00c7al\u0131\u015fmalar\u0131 s\u0131ras\u0131nda problem \u00e7\u0131kmamas\u0131na,\u00a0 bireysellikten uzak,\u00a0 uyumlu,\u00a0 sakin,\u00a0 olumlu davran\u0131\u015flar i\u00e7inde olunmas\u0131na \u00f6zen g\u00f6sterir.<\/p>\n<p>&nbsp;<\/p>\n<p>d-Federasyon\u2019un ger\u00e7ekle\u015ftirmeye \u00e7al\u0131\u015ft\u0131\u011f\u0131 ama\u00e7lar\u0131n\u0131n olu\u015fmas\u0131na katk\u0131da bulunur,\u00a0 \u00fcretilen \u00e7al\u0131\u015fmalar\u0131 benimser, savunur, uygulanmas\u0131na \u00e7al\u0131\u015f\u0131r, payla\u015f\u0131mc\u0131 olur, her t\u00fcrl\u00fc durumda bilin\u00e7li ve duyarl\u0131 davran\u0131r, siyasetle u\u011fra\u015fmaz.<\/p>\n<p><strong>\u00dcYEL\u0130K T\u00dcRLER\u0130<\/strong><\/p>\n<p><strong>\u00a0<\/strong><\/p>\n<p><strong>Madde 6-<\/strong> Federasyon \u00fcyeli\u011fi \u00fc\u00e7 t\u00fcrl\u00fcd\u00fcr.<\/p>\n<p>&nbsp;<\/p>\n<p>a-Kurucu \u00dcyeler:<\/p>\n<p>Bu t\u00fcz\u00fck alt\u0131na yetki belgeleriyle kat\u0131lm\u0131\u015f ve kurucu olarak yer alan Dernekler kurucu<br \/>\n\u00fcyelerdir. Kurucu \u00dcyeler Federasyon\u2019un t\u00fczel ki\u015filik kazanmas\u0131 ile As\u0131l \u00dcye s\u0131fat\u0131n\u0131 kazan\u0131rlar.<\/p>\n<p>b-As\u0131l \u00dcyeler:<\/p>\n<p>Federasyon\u2019un kurulmas\u0131ndan sonra bu T\u00fcz\u00fck ko\u015fullar\u0131na uyan, kendi t\u00fcz\u00fckleri ve bu T\u00fcz\u00fc\u011fe g\u00f6re gereken yasal ko\u015fullar\u0131 yerine getiren Dernekler, Federasyon Y\u00f6netim Kurulu\u2019nun karar\u0131 ile As\u0131l \u00dcye s\u0131fat\u0131n\u0131 kazan\u0131rlar.<\/p>\n<p>c-Onursal \u00dcyeler:<\/p>\n<p>Federasyon \u00e7al\u0131\u015fmalar\u0131nda fiilen \u00fcst\u00fcn katk\u0131s\u0131 bulunan ki\u015filer Y\u00f6netim Kurulu\u2019nun oy birli\u011fi ile<br \/>\nalaca\u011f\u0131 karar ile Onursal \u00dcye olarak se\u00e7ilirler. Bu ki\u015filer aidat \u00f6demedikleri gibi, se\u00e7me ve<br \/>\nse\u00e7ilme haklar\u0131 da bulunmamaktad\u0131r. \u00d6nerileri; Y\u00f6netim Kurulu\u2019nun g\u00fcndemine do\u011frudan al\u0131n\u0131r.<\/p>\n<p>&nbsp;<\/p>\n<p><strong>\u00dcYE OLMA<\/strong><\/p>\n<p><strong>Madde 7-<\/strong> Derneklerin As\u0131l \u00dcye olma ko\u015fullar\u0131:<\/p>\n<p>1.Dernek T\u00fcz\u00fc\u011f\u00fcndeki \u00e7al\u0131\u015fma konusunun, Federasyon ile ayn\u0131 ama\u00e7 do\u011frultusunda olmas\u0131,<\/p>\n<ol start=\"2\">\n<li>Dernek Genel Kurulu taraf\u0131ndan kat\u0131lma karar\u0131 verilmesi,<\/li>\n<li>Derne\u011fi temsil edecek biri ba\u015f temsilci olmak \u00fczere \u00fc\u00e7 ki\u015finin se\u00e7ilmi\u015f olmas\u0131,<\/li>\n<li>Bu T\u00fcz\u00fck h\u00fck\u00fcmlerinin kabul edilmi\u015f olmas\u0131,<\/li>\n<li>Dernek Y\u00f6netim Kurulu taraf\u0131ndan talepte bulunulmas\u0131,<\/li>\n<li>Temsilcinin iki y\u0131l i\u00e7in se\u00e7ilmi\u015f olmas\u0131,<\/li>\n<li>Federasyon Y\u00f6netim Kurulu\u2019nca \u00fcyeli\u011fe kabul edilmi\u015f olmas\u0131,<\/li>\n<li>Ayni dernek mensubu ayni zamanda hem y\u00f6netim hem denetim kurulu \u00fcyesi olamaz,<\/li>\n<\/ol>\n<p>&nbsp;<\/p>\n<p><strong>TEMS\u0130LC\u0130 SAYISI<\/strong><\/p>\n<p><strong>Madde 8-<\/strong> Federasyon\u2019a \u00fcye olan her Dernek, Dernek Genel Kurulu\u2019nca biri ba\u015f temsilci olmak \u00fczere se\u00e7ilen \u00fc\u00e7 ger\u00e7ek ki\u015fi ile Federasyon\u2019da temsil edilir.<\/p>\n<p>&nbsp;<\/p>\n<p><strong>\u00dcYEL\u0130K HAKKI VE \u00dcYEL\u0130K \u0130\u015eLEMLER\u0130<\/strong><\/p>\n<p><strong>\u00a0<\/strong><\/p>\n<p><strong>Madde 9-<\/strong> Hi\u00e7 bir Dernek, Federasyon\u2019a \u00fcye olmaya ve \u00fcye olarak kalmaya zorlanamaz. Hi\u00e7 bir temsilci de temsilci olmaya ve temsilci olarak kalmaya zorlanamaz.<\/p>\n<p>&nbsp;<\/p>\n<p>Dernekler, se\u00e7mi\u015f bulunduklar\u0131 \u00fc\u00e7er delege ile temsil edilirler. Derneklerin Y\u00f6netim Kurullar\u0131\u2019n\u0131n ayr\u0131ca<\/p>\n<p>oy haklar\u0131 yoktur. Her delegenin Genel Kurul\u2019da bir oy hakk\u0131 vard\u0131r.<\/p>\n<p>&nbsp;<\/p>\n<p>Federasyon ba\u015fkanl\u0131\u011f\u0131na yaz\u0131l\u0131 olarak yap\u0131lacak \u00fcyelik ba\u015fvurusu, Federasyon Y\u00f6netim Kurulunca yap\u0131lacak ilk toplant\u0131da \u00fcyeli\u011fe kabul veya iste\u011fin reddi \u015feklinde karara ba\u011flan\u0131r ve sonu\u00e7 yaz\u0131yla ba\u015fvuru sahibine bildirilir. Ba\u015fvurusu kabul edilen \u00fcye, bu ama\u00e7la tutulacak deftere kaydedilir.<\/p>\n<p><strong>\u00dcYEL\u0130KTEN \u00c7IKMA VE \u00c7IKARILMA <\/strong><\/p>\n<p>&nbsp;<\/p>\n<p><strong>Madde 10-<\/strong> Derneklerin \u00fcyelikten \u00e7\u0131kmalar\u0131, \u00e7\u0131kar\u0131lmalar\u0131 ve sonu\u00e7lar\u0131 a\u015fa\u011f\u0131daki gibidir.<\/p>\n<p>a-\u00dcyenin iste\u011fi ile \u00e7\u0131kma:<\/p>\n<p>Dernekler Genel Kurul\u2019lar\u0131n\u0131n ald\u0131\u011f\u0131 ayr\u0131lma karar\u0131 ile \u00fcyelikten \u00e7\u0131kabilirler. \u00dcyenin istifa dilek\u00e7esi Y\u00f6netim Kuruluna ula\u015ft\u0131\u011f\u0131 anda \u00e7\u0131k\u0131\u015f i\u015flemleri sonu\u00e7lanm\u0131\u015f say\u0131l\u0131r. \u00dcyelikten ayr\u0131lma, \u00fcyenin Federasyona olan birikmi\u015f bor\u00e7lar\u0131n\u0131 sona erdirmez.<\/p>\n<p>&nbsp;<\/p>\n<p>b-\u00dcyelikten \u00e7\u0131kar\u0131lmay\u0131 gerektiren nedenler:<\/p>\n<p>&nbsp;<\/p>\n<ol>\n<li>T\u00fcz\u00fck de\u011fi\u015fikli\u011fi ile ama\u00e7lar\u0131n\u0131 de\u011fi\u015ftiren ve bu T\u00fcz\u00fck h\u00fck\u00fcmlerine g\u00f6re \u00e7al\u0131\u015fma alan\u0131ndan \u00e7\u0131kan dernekler,<\/li>\n<li>\u0130ki y\u0131l \u00fcst \u00fcste y\u0131ll\u0131k aidat\u0131n\u0131 \u00f6demeyen dernekler,<\/li>\n<li>Dernek temsilcisinin \u00fcst \u00fcste \u00fc\u00e7 Y\u00f6netim Kurulu Toplant\u0131s\u0131na \u00f6z\u00fcrs\u00fcz olarak kat\u0131lmamas\u0131,<\/li>\n<\/ol>\n<p>&nbsp;<\/p>\n<p>&nbsp;<\/p>\n<p>c- \u00dcyeli\u011fin kendili\u011finden sona ermesi:<\/p>\n<p>&nbsp;<\/p>\n<ol>\n<li>Derne\u011fin feshine karar verilmesi,<\/li>\n<li>Derne\u011fin tasfiyesine karar verilmesi,<\/li>\n<\/ol>\n<p>&nbsp;<\/p>\n<p>d- Temsilcinin temsilcilik s\u0131fat\u0131n\u0131n ortadan kalkmas\u0131:<\/p>\n<p>&nbsp;<\/p>\n<p>1.Temsilcisi olduklar\u0131 dernekteki \u00fcyeli\u011finin sona ermesi,<\/p>\n<ol start=\"2\">\n<li>Dernek \u00fcyesi olma ko\u015fullar\u0131n\u0131 kaybetti\u011fi belirlenenler,<\/li>\n<li>\u00dcst \u00fcste \u00fc\u00e7 toplant\u0131ya \u00f6z\u00fcrs\u00fcz olarak kat\u0131lmayanlar,<\/li>\n<li>Dernek Y\u00f6netim Kurulu\u2019nca temsilcilik s\u0131fat\u0131 kald\u0131r\u0131lanlar,<\/li>\n<li>Temsilci s\u0131fat\u0131ndan yaz\u0131l\u0131 olarak ayr\u0131lma talebinde bulunanlar,<\/li>\n<\/ol>\n<p>&nbsp;<\/p>\n<p>Federasyondan \u00e7\u0131kma ya da \u00e7\u0131kar\u0131lma sonucunda:<\/p>\n<p>Federasyon\u2019un sa\u011flad\u0131\u011f\u0131 t\u00fcm malzemeler Federasyon\u2019a iade edilir. Federasyon\u2019un kulland\u0131\u011f\u0131 antet ve armalar kullan\u0131lamaz. Derne\u011fin feshinde de Federasyon\u2019un verdi\u011fi t\u00fcm malzemeler iade<br \/>\nedilir.<\/p>\n<p>&nbsp;<\/p>\n<p><strong>FEDERASYON\u2019UN ORGANLARI<\/strong><\/p>\n<p><strong>Madde 11-<\/strong> Federasyon\u2019un organlar\u0131;<\/p>\n<p>&nbsp;<\/p>\n<p>A)Zorunlu Organlar<\/p>\n<p>&nbsp;<\/p>\n<p>1-Genel Kurul,<\/p>\n<p>2- Y\u00f6netim Kurulu,<\/p>\n<p>3- Denetim Kurulu<\/p>\n<p>&nbsp;<\/p>\n<ol>\n<li>B) Yard\u0131mc\u0131 Organlar<\/li>\n<\/ol>\n<p>&nbsp;<\/p>\n<p>1 - Ba\u015fkanlar Kurulu,<\/p>\n<p>2- Sanayi \u0130rtibat Kurulu,<\/p>\n<p>3- KOB\u0130 \u0130rtibat Kurulu,<\/p>\n<p>4- TGDF Bilim Kurulu,<\/p>\n<p>&nbsp;<\/p>\n<p>Federasyonun \u00e7al\u0131\u015fma alanlar\u0131 ile ilgili olarak birim kurulmas\u0131, kurullar ve komisyonlardan gelen \u00f6neri ve talepler de\u011ferlendirilerek, Y\u00f6netim Kurulu'nca karara ba\u011flan\u0131r.<\/p>\n<p>&nbsp;<\/p>\n<p>Federasyonun yard\u0131mc\u0131 organlar\u0131 Ba\u015fkanlar Kurulu, KOB\u0130 \u0130rtibat Kurulu, TGDF Bilim Kurulu ve Sanayi \u0130rtibat Kurulu \u00e7al\u0131\u015fma usul ve esaslar\u0131 ile b\u00fct\u00e7e ve faaliyetlerine ili\u015fkin y\u00f6netmelikler ilgili kurullarca haz\u0131rlan\u0131r ve onaylanmak \u00fczere Y\u00f6netim Kurulu'na sunulur.<\/p>\n<p>&nbsp;<\/p>\n<p><strong>GENEL KURUL<\/strong><\/p>\n<p>&nbsp;<\/p>\n<p><strong>Madde 12- <\/strong>Federasyon\u2019un en y\u00fcksek organ\u0131 olup, Asil \u00dcyelerden olu\u015fur.<\/p>\n<p><strong>\u00a0<\/strong><\/p>\n<p><strong>GENEL KURUL TOPLANTI ZAMANI VE \u00c7A\u011eRI VE TOPLANTI USUL\u00dc<\/strong><\/p>\n<p>&nbsp;<\/p>\n<p><strong>Madde 13-<\/strong><\/p>\n<p><strong>a- Genel Kurul<\/strong> <strong>Toplant\u0131 Zaman\u0131 <\/strong><\/p>\n<p>&nbsp;<\/p>\n<p>Genel Kurul; her \u00fc\u00e7 y\u0131lda bir Kas\u0131m ay\u0131 i\u00e7inde ola\u011fan olarak toplan\u0131r. Ancak Y\u00f6netim veya Denetim Kurulu\u2019nun gerekli g\u00f6rd\u00fc\u011f\u00fc hallerde veya Federasyon \u00fcyelerinin be\u015fte birinin\u00a0 (1 \/ 5) yaz\u0131l\u0131 istemiyle Y\u00f6netim Kurulunca otuz g\u00fcn i\u00e7inde ola\u011fan\u00fcst\u00fc toplant\u0131ya \u00e7a\u011fr\u0131l\u0131r.<\/p>\n<p>Denetim Kurulu\u2019nun veya Federasyon As\u0131l \u00dcyelerinin be\u015fte biri\u2019nin (1 \/ 5) yaz\u0131l\u0131 istemi \u00fczerine Y\u00f6netim Kurulu, Genel Kurul\u2019u bir ay i\u00e7inde toplant\u0131ya \u00e7a\u011f\u0131rmad\u0131\u011f\u0131 takdirde; Denetim Kurul\u2019u veya toplant\u0131 isteminde bulunan \u00fcyelerden birisinin ba\u015fvurusu \u00fczerine mahalli Sulh Hukuk Hakimi, duru\u015fma yaparak, Federasyon\u2019u te\u015fkil eden Dernek \u00dcyeleri aras\u0131ndan \u00fc\u00e7 ki\u015filik bir heyeti Genel Kurul\u2019u toplant\u0131ya \u00e7a\u011f\u0131rmakla g\u00f6revlendirir.<\/p>\n<p>&nbsp;<\/p>\n<p><strong>b- <\/strong><strong>Genel Kurul<\/strong> <strong>\u00c7a\u011fr\u0131 Usul\u00fc <\/strong><\/p>\n<p>Federasyon\u2019a \u00fcye olan her Dernek, Dernek Genel Kurulu\u2019nca biri ba\u015f temsilci olmak \u00fczere se\u00e7ilen \u00fc\u00e7 ger\u00e7ek ki\u015fi ile Federasyon\u2019da temsil edilir. Genel Kurul toplant\u0131s\u0131na haz\u0131rl\u0131k olarak Y\u00f6netim Kurulu, Federasyon t\u00fcz\u00fc\u011f\u00fcne g\u00f6re toplant\u0131ya kat\u0131lmaya hakk\u0131 bulunan \u00fcyelerin listesini d\u00fczenler. Genel kurula kat\u0131lma hakk\u0131 bulunan \u00fcyeler, toplant\u0131dan en az 15 g\u00fcn \u00f6ncesinden toplant\u0131n\u0131n g\u00fcn\u00fc, saati, yeri ve g\u00fcndemi bir gazetede veya derne\u011fin internet sayfas\u0131nda ilan edilmek, yaz\u0131l\u0131 olarak bildirilmek veya \u00fcyenin bildirdi\u011fi elektronik posta adresine ya da ileti\u015fim numaras\u0131na mesaj g\u00f6nderilmek veya mahalli yay\u0131n ara\u00e7lar\u0131 kullan\u0131lmak suretiyle toplant\u0131ya \u00e7a\u011fr\u0131l\u0131r. Bu \u00e7a\u011fr\u0131da, \u00e7o\u011funluk sa\u011flanamamas\u0131 sebebiyle toplant\u0131 yap\u0131lamazsa, ikinci toplant\u0131n\u0131n hangi g\u00fcn, saat ve yerde yap\u0131laca\u011f\u0131 da belirtilir. \u0130lk toplant\u0131 ile ikinci toplant\u0131 aras\u0131ndaki s\u00fcre yedi g\u00fcnden az, altm\u0131\u015f g\u00fcnden fazla olamaz.<\/p>\n<p>Genel Kurul Toplant\u0131s\u0131, \u00e7o\u011funluk sa\u011flanamamas\u0131 sebebinin d\u0131\u015f\u0131nda ba\u015fka bir nedenle geri b\u0131rak\u0131l\u0131rsa, bu durum geri b\u0131rakma sebepleri de belirtilmek suretiyle, ilk toplant\u0131 i\u00e7in yap\u0131lan \u00e7a\u011fr\u0131 usul\u00fcne uygun olarak \u00fcyelere duyurulur. \u0130kinci toplant\u0131n\u0131n geri b\u0131rakma tarihinden itibaren en ge\u00e7 alt\u0131 ay i\u00e7inde yap\u0131lmas\u0131 zorunludur. \u00dcyeler ikinci toplant\u0131ya, birinci f\u0131krada belirtilen esaslara g\u00f6re yeniden \u00e7a\u011fr\u0131l\u0131r. Genel kurul toplant\u0131s\u0131 bir defadan fazla geri b\u0131rak\u0131lamaz.<\/p>\n<p>Genel Kurul, Federasyon Merkezinin bulundu\u011fu ilde toplan\u0131r. Ba\u015fka ilde toplanamaz.<\/p>\n<p><strong>c-Toplant\u0131 Yeter Say\u0131s\u0131<\/strong><\/p>\n<p>Genel Kurul, kat\u0131lma hakk\u0131 bulunan \u00fcyelerin salt \u00e7o\u011funlu\u011funun, t\u00fcz\u00fck de\u011fi\u015fikli\u011fi ve fesih hallerinde ise \u00fcyelerin \u00fc\u00e7te ikisinin kat\u0131l\u0131m\u0131yla toplan\u0131r. \u00c7o\u011funlu\u011fun sa\u011flanamamas\u0131 sebebiyle toplant\u0131n\u0131n ertelenmesi durumunda ikinci toplant\u0131da \u00e7o\u011funluk aranmaz. Ancak bu toplant\u0131ya kat\u0131lan \u00fcye say\u0131s\u0131 y\u00f6netim ve denetim kurullar\u0131 \u00fcye tam say\u0131s\u0131n\u0131n iki kat\u0131ndan az olamaz.<\/p>\n<p>\u0130lk toplant\u0131da bu say\u0131ya ula\u015f\u0131lmad\u0131\u011f\u0131 takdirde, en erken bir hafta, en ge\u00e7 altm\u0131\u015f g\u00fcn i\u00e7inde ikinci kez toplant\u0131 yap\u0131l\u0131r.<\/p>\n<p>&nbsp;<\/p>\n<p><strong>d-Toplant\u0131 Usul\u00fc<\/strong><\/p>\n<p><strong>\u00a0<\/strong><\/p>\n<p>Genel Kurul \u0130landa belirtilen yer ve saatte yap\u0131l\u0131r. Toplant\u0131ya gelen \u00fcyeler haz\u0131r bulunanlar cetvelini imzalamadan Genel Kurul\u2019un yap\u0131laca\u011f\u0131 salona giremez. Birinci toplant\u0131da yeter say\u0131 sa\u011flanamaz ise bir tutanak tutularak,\u00a0 il\u00e2n edildi\u011fi bi\u00e7imde yap\u0131lmak \u00fczere sona erdirilir. Toplant\u0131, yeterli say\u0131da \u00fcyenin kat\u0131lmas\u0131 durumunda, durum bir tutanakla tespit edilir ve Y\u00f6netim Kurulu Ba\u015fkan\u0131 veya Ba\u015fkan\u0131n uygun g\u00f6rece\u011fi bir Y\u00f6netim Kurulu \u00dcyesi taraf\u0131ndan a\u00e7\u0131l\u0131r. Toplant\u0131n\u0131n a\u00e7\u0131lmas\u0131ndan sonra toplant\u0131y\u0131 y\u00f6netmek \u00fczere bir ba\u015fkan, bir ba\u015fkan vekili ile yazman se\u00e7ilerek Divan Ba\u015fkanl\u0131\u011f\u0131 olu\u015fturulur. Toplant\u0131y\u0131 Divan Ba\u015fkan\u0131 y\u00f6netir. Toplant\u0131n\u0131n y\u00f6netimi ve g\u00fcvenli\u011finin sa\u011flanmas\u0131 Divan Ba\u015fkan\u0131na aittir. Toplant\u0131da g\u00f6r\u00fc\u015f\u00fclen konular ve al\u0131nan kararlar bir tutana\u011fa yaz\u0131l\u0131r ve Divan Ba\u015fkan\u0131 ile yazmanlar taraf\u0131ndan birlikte imzalan\u0131r. Toplant\u0131 sonunda, tutanak ve di\u011fer belgeler Y\u00f6netim Kurulu Ba\u015fkan\u0131na teslim edilir. Ba\u015fkan bu belgeleri yedi g\u00fcn i\u00e7inde yeni se\u00e7ilen Y\u00f6netim Kuruluna teslim etmekten sorumludur. Toplant\u0131da yaln\u0131zca g\u00fcndemde yer alan maddeler g\u00f6r\u00fc\u015f\u00fclebilir. Ancak toplant\u0131ya kat\u0131lan \u00fcye say\u0131s\u0131n\u0131n\u00a0 (1\/10) onda birinin yaz\u0131l\u0131 istemi \u00fczerine \u00f6nerilen konular da g\u00fcndeme al\u0131n\u0131r ve g\u00f6r\u00fc\u015f\u00fcl\u00fcr.<\/p>\n<p>&nbsp;<\/p>\n<p>Genel Kurul kararlar\u0131 \u00e7o\u011funluk ile al\u0131n\u0131r, ancak; Federasyon\u2019un Feshi ile ilgili kararlar 2 \/3 \u00e7o\u011funlukla al\u0131n\u0131r. Genel Kurul\u2019da oylama a\u00e7\u0131k usulle yap\u0131l\u0131r, ancak, Y\u00f6netim Kurulu ve Denetleme Kurulu se\u00e7imleriyle, \u00fcyelikten \u00e7\u0131karma gizli oyla yap\u0131l\u0131r. Oy say\u0131m\u0131 a\u00e7\u0131k usule g\u00f6re ger\u00e7ekle\u015ftirilir.<\/p>\n<p><strong>\u00a0<\/strong><\/p>\n<p><strong>GENEL KURUL\u2019UN G\u00d6REV VE YETK\u0130LER\u0130<\/strong><\/p>\n<p><strong>\u00a0<\/strong><\/p>\n<p><strong>Madde 14- <\/strong><\/p>\n<p>a-Y\u00f6netim ve Denetim Kurullar\u0131n\u0131 se\u00e7mek,<br \/>\nb-T\u00fcz\u00fck de\u011fi\u015fikli\u011fine karar vermek,<\/p>\n<p>c-Y\u00f6netim ve Denetim Kurullar\u0131 raporlar\u0131n\u0131, bilan\u00e7o\u2019nun, gelir - gider hesaplar\u0131n\u0131 g\u00f6r\u00fc\u015fmek, kabul veya reddetmek, Kurullar\u0131 ibra etmek veya etmemek,<\/p>\n<p>d-Y\u00f6netim Kurulu\u2019nun haz\u0131rlam\u0131\u015f bulundu\u011fu b\u00fct\u00e7e ve b\u00fct\u00e7e y\u00f6netmeli\u011fini g\u00f6r\u00fc\u015fmek, aynen veya de\u011fi\u015ftirerek kabul etmek,<\/p>\n<p>e-Ta\u015f\u0131nmaz mal sat\u0131n al\u0131nmas\u0131 veya sat\u0131lmas\u0131 konusunda Y\u00f6netim Kurulu\u2019na yetki vermek.<\/p>\n<p>f-Vak\u0131f Kurmak veya kurulu vak\u0131flara \u00fcye olmak, konfederasyonlara kat\u0131l\u0131p\u00a0 - ayr\u0131lmak gibi konularda Y\u00f6netim Kurulu\u2019na yetki vermek, ba\u015fka federasyona kat\u0131lmak veya birle\u015fmek,<\/p>\n<p>g-Gerekli yasal izinleri almak kayd\u0131yla, yurt d\u0131\u015f\u0131ndaki dernek, vak\u0131f ve kurulu\u015flara \u00fcye veya g\u00f6zlemci olmak ve ayr\u0131lmak veya bu konularda Y\u00f6netim Kurulu\u2019na yetki vermek,<\/p>\n<p>h-\u00dcyelikten \u00e7\u0131karma kararlar\u0131na kar\u015f\u0131 itirazlar\u0131 g\u00f6r\u00fc\u015f\u00fcp karara ba\u011flamak,<\/p>\n<p>i-Yasa, t\u00fcz\u00fck ve y\u00f6netmelikler ile belirlenen g\u00f6rev ve y\u00fck\u00fcml\u00fcl\u00fckleri yerine getirmek,<\/p>\n<p>j-Konfederasyon kurmak veya kurulmu\u015f konfederasyonlara \u00fcye olmak,<br \/>\nk-Federasyon\u2019u fesh etmek,<\/p>\n<p>l-Yurt i\u00e7i veya yurt d\u0131\u015f\u0131nda temsilcilik a\u00e7mak.<\/p>\n<p><strong>BA\u015eKANLAR KURULU<\/strong><\/p>\n<p>&nbsp;<\/p>\n<p><strong>Madde 15-<\/strong> \u00dcye dernekler taraf\u0131ndan se\u00e7ilen ba\u015f temsilcilerin olu\u015fturdu\u011fu kurul olup en az 3 ayda bir kere toplan\u0131r. \u0130stek ve \u00f6nerileri Y\u00f6netim Kurulu g\u00fcndemine al\u0131n\u0131r.<\/p>\n<p><strong>Y\u00d6NET\u0130M KURULU\u2019NUN OLU\u015eUMU<\/strong><\/p>\n<p>&nbsp;<\/p>\n<p><strong>Madde 16-<\/strong> Y\u00f6netim Kurulu, Genel Kurul taraf\u0131ndan ve asil \u00fcyeler aras\u0131ndan se\u00e7ilen on bir asil ve on bir yedek \u00fcyeden olu\u015fur.<\/p>\n<p>&nbsp;<\/p>\n<p>Federasyon Genel Kurulu\u2019nda gizli oyla se\u00e7ilen Y\u00f6netim Kurulu,\u00a0 en y\u00fcksek oyu alandan ba\u015flayarak, daha az oy alanlara do\u011fru bir s\u0131ralama yap\u0131larak se\u00e7ilir. Daha az oy alanlar bu s\u0131ra dikkate al\u0131narak yedek \u00fcyeleri olu\u015fturur.<\/p>\n<p><strong>Y\u00d6NET\u0130M KURULU G\u00d6REV DA\u011eILIMI VE \u00dcYELER\u0130N G\u00d6REVLER\u0130 <\/strong><\/p>\n<p>&nbsp;<\/p>\n<p><strong>Madde 17-<\/strong> Y\u00f6netim kurulu ilk toplant\u0131s\u0131nda bir Ba\u015fkan, \u00fc\u00e7 Ba\u015fkan Yard\u0131mc\u0131s\u0131, bir Sayman \u00dcye se\u00e7er. Ba\u015fkan Yard\u0131mc\u0131lar\u0131n\u0131n g\u00f6revi Y\u00f6netim Kurulu taraf\u0131ndan karara ba\u011flan\u0131r ve i\u00e7lerinden biri Ba\u015fkan Vekili olarak g\u00f6revlendirilir. Y\u00f6netim Kurulu \u00dcyeleri ayn\u0131 zamanda Federasyon \u00e7al\u0131\u015fma kurullar\u0131n\u0131n da ba\u015fkanl\u0131\u011f\u0131n\u0131 y\u00fcr\u00fctebilir. Bu kurullar\u0131n ba\u015fkanlar\u0131 dernek \u00fcyeleri aras\u0131ndan ve gerek duyulmas\u0131 halinde dernek \u00fcyeleri d\u0131\u015f\u0131ndaki ki\u015filerden kendi komitelerinin \u00fcyelerini se\u00e7erek Y\u00f6netim Kurulu\u2019nun onay\u0131na sunarlar.<\/p>\n<p>&nbsp;<\/p>\n<p>a-Ba\u015fkan: Federasyon\u2019u tek ba\u015f\u0131na temsil etme yetkisi vard\u0131r. Y\u00f6netim Kurulu Toplant\u0131lar\u0131na ba\u015fkanl\u0131k yapar. Federasyon\u2019u Bor\u00e7lu ve Alacakl\u0131 duruma sokacak belgelerle \u00e7ekleri muhasiple birlikte imzalar.<\/p>\n<p>&nbsp;<\/p>\n<p>b-Ba\u015fkan Yard\u0131mc\u0131lar\u0131: Ba\u015fkan Yard\u0131mc\u0131lar\u0131n\u0131n g\u00f6revleri Y\u00f6netim Kurulu taraf\u0131ndan karar ba\u011flan\u0131r.<\/p>\n<p>&nbsp;<\/p>\n<p>c-Sayman \u00dcye: Federasyon\u2019un b\u00fct\u00fcn mali i\u015flerini y\u00f6netir. Federasyon\u2019u bor\u00e7lu ya da alacakl\u0131 duruma sokacak belgelerle \u00e7ekleri Ba\u015fkan,\u00a0 yoklu\u011funda Ba\u015fkan Vekili ile birlikte imza eder. Gerekli g\u00f6r\u00fclmesi durumunda Federasyon\u2019un devaml\u0131 olarak hesaplar\u0131n\u0131 tutacak olan \u00fccretli muhasebecinin \u00e7al\u0131\u015fmalar\u0131n\u0131 takip ve kontrol eder.<\/p>\n<p><strong>Y\u00d6NET\u0130M KURULU TOPLANTI USUL\u00dc <\/strong><\/p>\n<p><strong>Madde 18-<\/strong> Y\u00f6netim kurulu, en az iki ayda bir kez toplanarak g\u00fcndemindeki konular\u0131 tart\u0131\u015f\u0131r ve karara ba\u011flar. Toplant\u0131da kararlar salt \u00e7o\u011funlukla al\u0131n\u0131r. \u00d6z\u00fcr bildirmeden \u00fcst \u00fcste \u00fc\u00e7 kez Y\u00f6netim Kurulu Toplant\u0131s\u0131na kat\u0131lmayan \u00fcye, g\u00f6revinden istifa etmi\u015f say\u0131l\u0131r.<\/p>\n<p>&nbsp;<\/p>\n<p>Ayr\u0131ca bildirimde bulunmaya gerek olmaks\u0131z\u0131n yerine s\u0131radaki ilk yedek \u00fcye Y\u00f6netim Kurulu \u00fcyeli\u011fine getirilir.<\/p>\n<p>&nbsp;<\/p>\n<p><strong>Y\u00d6NET\u0130M KURULUNUN G\u00d6REV VE YETK\u0130LER\u0130 <\/strong><\/p>\n<p><strong>\u00a0<\/strong><\/p>\n<p><strong>Madde 19- <\/strong><\/p>\n<p>a-G\u00f6revlerini yerine getirirken, ilgili Yasalar\u0131n, T\u00fcz\u00fc\u011f\u00fcn, Genel Kurulun kendisine y\u00fckledi\u011fi g\u00f6rev ve sorumluluklar\u0131 ve Ba\u015fkanlar, Sanayi \u0130rtibat, KOB\u0130 \u0130rtibat Kurulu\u2019nun y\u00f6nlendirmelerini ve TGDF Bilim Kurulu\u2019nun tavsiyelerini dikkate al\u0131r.<\/p>\n<p>b-\u00c7al\u0131\u015fma program\u0131n\u0131 haz\u0131rlamak,<\/p>\n<p>c-Uzmanl\u0131k kurullar\u0131n\u0131n ba\u015fkanlar\u0131n\u0131 se\u00e7mek, y\u00f6netmeliklerini haz\u0131rlamak, tekliflerini g\u00f6r\u00fc\u015f\u00fcp karara ba\u011flamak. \u00c7al\u0131\u015fmalar\u0131n\u0131 denetlemek,<\/p>\n<p>d-\u00c7al\u0131\u015fma d\u00f6nemine ait hesap sonu\u00e7lar\u0131n\u0131 ve b\u00fct\u00e7e tasar\u0131lar\u0131n\u0131 haz\u0131rlay\u0131p Genel Kurul\u2019a sunmak,<\/p>\n<p>e-Personel almak ve \u00e7\u0131karmak veya bunlara \u00f6denecek \u00fccretler hakk\u0131nda karar vermek, Federasyon Genel Sekreteri\u2019ni atamak,<\/p>\n<p>f-\u00dcyelik taleplerini de\u011ferlendirmek ve karar vermek, \u00e7\u0131kar\u0131lan \u00fcyeler hakk\u0131nda yap\u0131lan itirazlar\u0131 g\u00f6r\u00fc\u015f\u00fclmesi i\u00e7in Genel Kurul\u2019un onay\u0131na sunmak,<\/p>\n<p>g-Dernekler Kanunu\u2019nun ilgili maddeleri gere\u011fince uluslararas\u0131 ili\u015fkiler i\u00e7in ilgili Bakanl\u0131klardan izin al\u0131nmas\u0131nda yetkili olmak, ulusal projelere her bak\u0131mdan kat\u0131lmak,<\/p>\n<p>h-\u0130\u00e7 Y\u00f6netmelikleri, Y\u00f6nergeleri haz\u0131rlamak, y\u00fcr\u00fctmek,<\/p>\n<p>i-Denetim ve Disiplin i\u00e7 y\u00f6netmeli\u011fini haz\u0131rlamak, y\u00fcr\u00fcrl\u00fc\u011fe koymak, de\u011fi\u015ftirmek,<\/p>\n<p>j-Yasa, T\u00fcz\u00fck ve Y\u00f6netmeliklerden do\u011fan ve Genel Kurul\u2019un kendisine verdi\u011fi g\u00f6revleri yerine getirmek, mali bak\u0131mdan g\u00fc\u00e7lendirecek projeleri y\u00fcr\u00fctmek,<\/p>\n<p>k- T\u00fcm harcamalar\u0131n Y\u00f6netim Kurulu ile yap\u0131lmas\u0131n\u0131 sa\u011flamak ve\/veya ba\u015fkan ve muhasibe yetki vermek.<\/p>\n<p><strong>\u00a0<\/strong><\/p>\n<p><strong>DENET\u0130M KURULU\u2019NUN OLU\u015eUMU, G\u00d6REV VE YETK\u0130LER\u0130 VE \u0130\u00c7 DENET\u0130M<\/strong><\/p>\n<p><strong>\u00a0<\/strong><\/p>\n<p><strong>Madde 20- <\/strong><\/p>\n<ol>\n<li><strong> Denetim Kurulu\u2019nun Olu\u015fumu <\/strong><\/li>\n<\/ol>\n<p>Federasyon Genel Kurulu taraf\u0131ndan se\u00e7ilen \u00fc\u00e7 as\u0131l ve \u00fc\u00e7 yedek \u00fcyeden olu\u015fur.<\/p>\n<ol start=\"2\">\n<li><strong>Denetim Kurulu\u2019nun <\/strong><strong>G\u00f6rev Ve Yetkileri<\/strong><\/li>\n<\/ol>\n<p>Denetim Kurulu a\u015fa\u011f\u0131daki hususlar\u0131 yerine getirir.<\/p>\n<p>a- Denetim Kurulu \u00fcyeleri as\u0131l \u00fcyeler aras\u0131ndan se\u00e7ilir. Denetim Kurulu Federasyon\u2019un t\u00fcz\u00fc\u011f\u00fcnde g\u00f6sterilen ama\u00e7 ve amac\u0131n ger\u00e7ekle\u015ftirilmesi i\u00e7in s\u00fcrd\u00fcr\u00fclece\u011fi belirtilen \u00e7al\u0131\u015fma konular\u0131 do\u011frultusunda faaliyet g\u00f6sterip g\u00f6stermedi\u011fini, defter, hesap ve kay\u0131tlar\u0131n mevzuata ve federasyonun t\u00fcz\u00fc\u011f\u00fcne uygun olarak tutulup tutulmad\u0131\u011f\u0131n\u0131, federasyon t\u00fcz\u00fc\u011f\u00fcnde tespit edilen esas ve usullere g\u00f6re ve bir y\u0131l\u0131 ge\u00e7meyen aral\u0131klarla denetler ve denetim sonu\u00e7lar\u0131n\u0131 bir rapor halinde Y\u00f6netim Kuruluna ve topland\u0131\u011f\u0131nda Genel Kurula sunar.<\/p>\n<p>&nbsp;<\/p>\n<p>b-Yasa, T\u00fcz\u00fck ve Y\u00f6netmelikler ile Federasyon T\u00fcz\u00fc\u011f\u00fcndeki g\u00f6revleri, amir h\u00fck\u00fcmlerine g\u00f6re yap\u0131lmas\u0131 gereken y\u00fck\u00fcml\u00fcl\u00fckleri yerine getirir.<\/p>\n<p>&nbsp;<\/p>\n<p>c-\u00dcye Derneklerin her y\u0131l Federasyon\u2019un etik de\u011ferlerine, koymu\u015f bulundu\u011fu y\u00f6netim ile ilgili<br \/>\nkurallara, idaresinin \u015feffafl\u0131\u011f\u0131n\u0131 esas alan i\u00e7 y\u00f6netmeli\u011fine uygun \u00e7al\u0131\u015fma yap\u0131p yapmad\u0131\u011f\u0131n\u0131<br \/>\ndenetler.<\/p>\n<p>d-Temsilciler hakk\u0131nda sadece Federasyon temsilcili\u011fi s\u0131fat\u0131 ile s\u0131n\u0131rl\u0131 kalmak ko\u015fulu ile ve \u00fcye Derneklerin Yasa, T\u00fcz\u00fck ve etik de\u011ferler bak\u0131m\u0131ndan Y\u00f6netim Kurulu taraf\u0131ndan kabul edilen \u0130\u00e7 Y\u00f6netmeli\u011fe uygun olarak disiplin kovu\u015fturulmas\u0131n\u0131 yapar.<\/p>\n<p>&nbsp;<\/p>\n<ol start=\"3\">\n<li><strong>\u0130\u00e7 Denetim<\/strong><\/li>\n<\/ol>\n<h3>Federasyonda Genel Kurul, Y\u00f6netim Kurulu veya Denetim Kurulu taraf\u0131ndan i\u00e7 denetim yapt\u0131r\u0131l\u0131r.<\/h3>\n<h3>Ancak; t\u00fcm genel kurullarda federasyonun t\u00fcm gelir ve giderlerini g\u00f6steren mali tablolar\u0131n ibra \u00f6ncesinde ba\u011f\u0131ms\u0131z denetimden ge\u00e7irilmesi esast\u0131r. Genel Kurul, Y\u00f6netim Kurulu veya ba\u011f\u0131ms\u0131z denetim kurulu\u015flar\u0131nca denetim yap\u0131lm\u0131\u015f olmas\u0131, Denetim Kurulunun y\u00fck\u00fcml\u00fcl\u00fc\u011f\u00fcn\u00fc ortadan kald\u0131rmaz.<\/h3>\n<p>&nbsp;<\/p>\n<p><strong>GENEL SEKRETERL\u0130K <\/strong><\/p>\n<p><strong>Madde 21-<\/strong> Y\u00f6netim Kurulu arzu etti\u011fi takdirde Federasyon \u00fcyeleri aras\u0131ndan veya d\u0131\u015far\u0131dan bir Genel Sekreter atamas\u0131 yapar.\u00a0 Genel Sekreter,\u00a0 Y\u00f6netim Kurulu\u2019nca verilen yetkiler \u00e7er\u00e7evesinde Federasyon\u2019u temsil eder,\u00a0 \u0130dari,\u00a0 teknik ve sekretarya i\u015flerini y\u00fcr\u00fct\u00fcr.\u00a0 Federasyon\u2019un b\u00fct\u00fcn hizmet y\u00fck\u00fcml\u00fcl\u00fcklerinin programlara ve mevzuata uygun olarak yerine getirilmesini ve Y\u00f6netim Kurulu kararlar\u0131n\u0131n uygulanmas\u0131n\u0131 sa\u011flar. G\u00f6rev ve yetki olarak Y\u00f6netim Kurulu\u2019na kar\u015f\u0131 sorumludur. Genel Sekreter, Genel Kurul ve Y\u00f6netim Kurulu toplant\u0131lar\u0131na kat\u0131l\u0131r, fakat oy kullanamaz. Genel Sekreter\u2019in Federasyon \u00fcyesi olmas\u0131 halinde kendisi ile ilgili kararlar d\u0131\u015f\u0131nda Genel Kurul\u2019daki oy kullanma hakk\u0131 sakl\u0131d\u0131r.<\/p>\n<p><strong>GENEL KURUL TOPLANTISI SONU\u00c7 B\u0130LD\u0130R\u0130M\u0130<\/strong><\/p>\n<p><strong>Madde 22<\/strong>- Ola\u011fan veya ola\u011fan\u00fcst\u00fc Genel Kurul toplant\u0131lar\u0131n\u0131 izleyen otuz g\u00fcn i\u00e7inde, Y\u00f6netim ve Denetim kurullar\u0131 ile di\u011fer organlara se\u00e7ilen as\u0131l ve yedek \u00fcyeleri i\u00e7eren (Dernekler Y\u00f6netmeli\u011fi Ek-3\u2019te yer alan) Genel Kurul Sonu\u00e7 Bildirimi m\u00fclki idare amirli\u011fine verilir. Genel kurul toplant\u0131s\u0131nda t\u00fcz\u00fck de\u011fi\u015fikli\u011fi yap\u0131lmas\u0131 halinde; genel kurul toplant\u0131 tutana\u011f\u0131, t\u00fcz\u00fc\u011f\u00fcn de\u011fi\u015fen maddelerinin eski ve yeni \u015fekli, her sayfas\u0131 y\u00f6netim kurulu \u00fcyelerinin salt \u00e7o\u011funlu\u011funca imzalanm\u0131\u015f dernek t\u00fcz\u00fc\u011f\u00fcn\u00fcn son \u015fekli, bu f\u0131krada belirtilen s\u00fcre i\u00e7inde ve bir yaz\u0131 ekinde m\u00fclki idare amirli\u011fine verilir.<\/p>\n<p><strong>FEDERASYONUN GEL\u0130RLER\u0130 <\/strong><\/p>\n<p><strong>\u00a0<\/strong><\/p>\n<p><strong>Madde 23-<\/strong> Federasyon\u2019un gelirleri \u015funlard\u0131r;<br \/>\na-Giri\u015f aidatlar\u0131,<\/p>\n<p>b-\u00dcye Derneklerin aidatlar\u0131,<\/p>\n<p>c-Yay\u0131n ve etkinliklerden elde edilen ba\u011f\u0131\u015flar,<br \/>\nd-Mal varl\u0131\u011f\u0131ndan elde edilen gelirler,<\/p>\n<p>e-Banka faizleri, Devlet tahvili ve bono faizi ve benzeri gelirler,<\/p>\n<p>f-\u0130\u015fletme gelirleri,<\/p>\n<p>g-Nakit ve ayni yard\u0131mlar ve ba\u011f\u0131\u015flar,<br \/>\nh-Vasiyet yolu ile yap\u0131lan ba\u011f\u0131\u015flar,<\/p>\n<p>i-Balo, e\u011flence, gece ve benzeri etkinliklerden elde edilen gelirler,<\/p>\n<p>j-Ulusal ve uluslararas\u0131 projelere sa\u011flanan sponsorluklar\u0131n yard\u0131m ve ba\u011f\u0131\u015flar\u0131,<\/p>\n<p>k-Di\u011fer gelirler,<\/p>\n<p><strong>A\u0130DATLAR <\/strong><\/p>\n<p><strong>\u00a0<\/strong><\/p>\n<p><strong>Madde 24-<\/strong> Federasyon \u00fcyeleri, Giri\u015f Aidat\u0131 ve Y\u0131ll\u0131k Aidat olmak \u00fczere iki t\u00fcr aidat \u00f6derler. Giri\u015f Aidat\u0131, \u00fcyeli\u011fe kabul edildikten hemen sonra \u00f6denir. \u00dcyeler, y\u0131ll\u0131k aidat miktar\u0131n\u0131n tamam\u0131n\u0131 en ge\u00e7 her takvim y\u0131l\u0131n\u0131n d\u00f6rd\u00fcnc\u00fc ay\u0131 i\u00e7erisinde \u00f6demekle y\u00fck\u00fcml\u00fcd\u00fcr. Giri\u015f Aidat\u0131 ve Y\u0131ll\u0131k \u00dcyelik Aidat miktarlar\u0131n\u0131 belirlemeye Genel Kurul yetkilidir.<\/p>\n<p>Genel Kurul\u2019da karar al\u0131nd\u0131\u011f\u0131 takdirde aidat miktar\u0131n\u0131 belirleme yetkisi Y\u00f6netim Kurulu\u2019na devredilir.<\/p>\n<p><strong>\u00a0<\/strong><\/p>\n<p><strong>FEDERASYONUN DEFTERLER\u0130<\/strong><\/p>\n<p>&nbsp;<\/p>\n<p><strong>MADDE 25-<\/strong>Federasyonda, i\u015fletme hesab\u0131 esas\u0131na g\u00f6re defter tutulur.<\/p>\n<p>&nbsp;<\/p>\n<p>1) Federasyonun i\u015fletme hesab\u0131na g\u00f6re tutaca\u011f\u0131 defterler a\u015fa\u011f\u0131daki gibidir:<\/p>\n<p>&nbsp;<\/p>\n<p>1-Karar Defteri<\/p>\n<p>2-\u00dcye Kay\u0131t Defteri<\/p>\n<p>3-Evrak Kay\u0131t Defteri<\/p>\n<p>4-Demirba\u015f Defteri<\/p>\n<p>5-\u0130\u015fletme Hesab\u0131 Defteri<\/p>\n<p>6-Al\u0131nd\u0131 Belgesi Kay\u0131t Defteri<\/p>\n<p>&nbsp;<\/p>\n<p>Ancak Federasyonun y\u0131ll\u0131k br\u00fct gelirinin dernekler y\u00f6netmeli\u011finde belirtilen haddi a\u015fmas\u0131 halinde takip eden hesap d\u00f6neminden ba\u015flayarak bilan\u00e7o esas\u0131na g\u00f6re defter tutar.<\/p>\n<p>&nbsp;<\/p>\n<p>2)Bilan\u00e7o esas\u0131na ge\u00e7ilmesi halinde federasyonun tutaca\u011f\u0131 defterler a\u015fa\u011f\u0131daki gibidir:<\/p>\n<p>&nbsp;<\/p>\n<p>1-Karar Defteri<\/p>\n<p>2-\u00dcye Kay\u0131t Defteri<\/p>\n<p>3-Evrak Kay\u0131t Defteri<\/p>\n<p>4-Al\u0131nd\u0131 Belgesi Kay\u0131t Defteri<\/p>\n<p>5-Yevmiye Defteri<\/p>\n<p>6-B\u00fcy\u00fck Defter<\/p>\n<p>7-Envanter Defteri<\/p>\n<p>&nbsp;<\/p>\n<p>Yukar\u0131da belirtilen hadde ba\u011fl\u0131 kalmaks\u0131z\u0131n y\u00f6netim kurulu karar\u0131 ile bil\u00e2n\u00e7o esas\u0131na g\u00f6re defter tutulabilir. Bu maddede say\u0131lan, tutulmas\u0131 zorunlu olan defterler \u0130l Dernekler M\u00fcd\u00fcrl\u00fc\u011f\u00fc\u2019ne veya notere tasdik ettirilir.<\/p>\n<p><strong>H\u00dcK\u00dcM BULUNMAYAN HALDE UYGULAMA<\/strong><\/p>\n<p><strong>Madde 26-<\/strong> T\u00fcz\u00fckte yaz\u0131l\u0131 bulunmayan konularda s\u0131ras\u0131 ile Dernekler Kanunu,\u00a0 Medeni Kanun,\u00a0 Di\u011fer Yasalar, T\u00fcz\u00fckler ve Y\u00f6netmelikler uygulan\u0131r.<\/p>\n<p><strong>FES\u0130H\u2019TE MAL VARLI\u011eININ DE\u011eERLEND\u0130R\u0130LMES\u0130: <\/strong><\/p>\n<p>&nbsp;<\/p>\n<p><strong>Madde 27-<\/strong> Federasyon\u2019un feshi halinde, t\u00fcm mal varl\u0131\u011f\u0131 faaliyet g\u00f6steren \u00fcye Dernekler aras\u0131nda e\u015fit olarak payla\u015ft\u0131r\u0131l\u0131r. T\u00fcm \u00fcye Dernekler fesih edilmi\u015f ise bir dernek veya V\u00e2k\u0131fa kal\u0131r.<\/p>\n<p><strong>KURUCU DERNEKLER <\/strong><\/p>\n<p><strong>\u00a0<\/strong><\/p>\n<p><strong>Madde 28-<\/strong> Kurulu\u015fa v\u00fccut veren derneklerin unvanlar\u0131, merkezleri ve ikametg\u00e2hlar\u0131 a\u015fa\u011f\u0131dad\u0131r.<\/p>\n<ol>\n<li>\u015eEMAD; \u015eekerli Mam\u00fcl Sanayicileri Derne\u011fi; Kartaltepe Mah. 12.sokak C\u201331 Blok No:299<\/li>\n<\/ol>\n<p>BAYRAMPA\u015eA - \u0130STANBUL<\/p>\n<p>&nbsp;<\/p>\n<ol start=\"2\">\n<li>SUTHER; Susam, Tahin, Helva ve Re\u00e7el \u0130malat\u00e7\u0131lar\u0131 Derne\u011fi; Kartaltepe Mah. 12.sokak C-31<\/li>\n<\/ol>\n<p>Blok No:299\/A BAYRAMPA\u015eA - \u0130STANBUL<\/p>\n<p>&nbsp;<\/p>\n<ol start=\"3\">\n<li>PAKDER; Tar\u0131m \u00dcr\u00fcnleri, Hububat, Bakliyat \u0130\u015fleme ve Paketleme Sanayicileri Derne\u011fi;<\/li>\n<\/ol>\n<p>B\u00fcy\u00fckdere Cad. Lale \u0130\u015f Han\u0131 No:62 Kat:6 D:41 Mecidiyek\u00f6y \/ \u0130STANBUL<\/p>\n<p>&nbsp;<\/p>\n<ol start=\"4\">\n<li>S\u0130\u0130D; Sal\u00e7a \u0130hracat\u00e7\u0131lar\u0131 ve \u0130malat\u00e7\u0131lar\u0131 Derne\u011fi; B\u00fcy\u00fckdere Cad. Meydan sokak Plaza<\/li>\n<\/ol>\n<p>Spring Giz Kat:12 Maslak - \u0130STANBUL<\/p>\n<p>&nbsp;<\/p>\n<ol start=\"5\">\n<li>MEDER; Me\u015frubat\u00e7\u0131lar Derne\u011fi; Bedri Rahmi Ey\u00fcbo\u011flu Sokak Derya Apt. No:3 \/ 7 Kat:6<\/li>\n<\/ol>\n<p>Kalam\u0131\u015f - KADIK\u00d6Y - \u0130STANBUL<\/p>\n<p>&nbsp;<\/p>\n<ol start=\"6\">\n<li>GIDAKAT; G\u0131da Katk\u0131 ve Yard\u0131mc\u0131 Madde Sanayicileri Derne\u011fi; Otello Kamil Sokak<\/li>\n<\/ol>\n<p>No:16 Kat:3 Mecidiyek\u00f6y - \u0130STANBUL<\/p>\n<p>&nbsp;<\/p>\n<ol start=\"7\">\n<li>T\u00dcG\u0130DER; T\u00fcm G\u0131da \u0130thalat\u00e7\u0131lar\u0131 Derne\u011fi; B\u00fcy\u00fckdere Cad. Lale \u0130\u015f Han\u0131 No:62 Kat:6<\/li>\n<\/ol>\n<p>D.41 Mecidiyek\u00f6y \u2013 \u0130STANBUL<\/p>\n<p>&nbsp;<\/p>\n<ol start=\"8\">\n<li>PDD; Pirin\u00e7 De\u011firmencileri Derne\u011fi; G\u00f6ztepe Mah. G\u00f6ksu Evleri Begonya Cad. No: B - 40<\/li>\n<\/ol>\n<p>A . Anadoluhisar\u0131 - BEYKOZ - \u0130STANBUL<\/p>\n<ol start=\"9\">\n<li>TRBYSD; Trakya Bitkisel Ya\u011f Sanayicileri Derne\u011fi; Talat Pa\u015fa Asfalt\u0131 \u0130lyas G\u00fcrsu \u0130\u015f<br \/>\nMerkezi Kat:4 No:26 ED\u0130RNE<\/li>\n<li>MASUDER; Maden Suyu \u00dcreticileri Derne\u011fi; O\u011fuzlar Mahallesi 65.Sokak No:2 \/ 4<br \/>\nBalgat - ANKARA,<\/li>\n<\/ol>\n<p>&nbsp;<\/p>\n<p><strong>T\u00dcZ\u00dc\u011e\u00dcN NE \u015eEK\u0130LDE DE\u011e\u0130\u015eT\u0130R\u0130LECE\u011e\u0130<\/strong><\/p>\n<p>&nbsp;<\/p>\n<p><strong>Madde 29-<\/strong> Federasyonun T\u00fcz\u00fck de\u011fi\u015fikli\u011fi Genel Kurul taraf\u0131ndan 2\/3 ekseriyetle kabul edilmesi ile karar verilir.<\/p>\n<p>&nbsp;<\/p>\n<p><strong>FEDERASYONUN BOR\u00c7LANMA USULLER\u0130<\/strong><\/p>\n<p><strong>\u00a0<\/strong><\/p>\n<p><strong>Madde 30-<\/strong> Dernek Bor\u00e7lanmalar\u0131na Y\u00f6netim Kurulu Karar verir. Ba\u015fkan ve Sayman \u00dcye ( Ba\u015fkan\u2019\u0131n olmad\u0131\u011f\u0131 hallerde Ba\u015fkan Vekili) birlikte imza atarak Federasyon ad\u0131na bor\u00e7lanabilirler.<\/p>\n<p><strong>\u00a0<\/strong><\/p>\n<p><strong>KURUCU DERNEKLER ADINA KURUCU TEMS\u0130LC\u0130LER\u0130<\/strong><\/p>\n<p>&nbsp;<\/p>\n<p><strong>Madde 31-<\/strong><\/p>\n<p>1- \u015eEMAD\u00a0 ad\u0131na:\u00a0 \u015eemsi KOPUZ<\/p>\n<p>2- SUTHER\u00a0 ad\u0131na: Necati G\u00d6KSU<\/p>\n<p>3- PAKDER\u00a0 ad\u0131na:\u00a0 S\u00fcleyman \u015eemsettin G\u00d6KBAYRAK<\/p>\n<p>4- S\u0130\u0130D ad\u0131na: Enver DEM\u0130RC\u0130<\/p>\n<p>5- MEDER ad\u0131na:\u00a0 Mahmut ERDO\u011eAN<br \/>\n6- GIDAKAT\u00a0 ad\u0131na:\u00a0 Erdem Osman CABI<br \/>\n7-T\u00dcG\u0130DER\u00a0\u00a0Turgay YET\u0130\u015e<br \/>\n09-TRBYSD\u00a0 ad\u0131na:\u00a0 \u015eevki ALANYA<br \/>\n10-MASUDER ad\u0131na:\u00a0 Mehmet ERBAK[\/vc_column_text][\/vc_column][\/vc_row]<\/p>\n<\/div>","protected":false},"excerpt":{"rendered":"<p>[vc_row][vc_column][vc_column_text] T\u00dcRK\u0130YE GIDA VE \u0130\u00c7ECEK SANAY\u0130 DERNEKLER\u0130 FEDERASYONU\u00a0 T\u00dcZ\u00dc\u011e\u00dc \u00a0 KURULU\u015e Madde 1-\u00a0 Kurulu\u015f ama\u00e7lar\u0131 ayni olan, a\u015fa\u011f\u0131da 3.\u00fcnc\u00fc maddede \u00f6zetlenen ama\u00e7lar\u0131 ger\u00e7ekle\u015ftirmek i\u00e7in \u00fcye s\u0131fat\u0131yla bir araya gelmek \u00fczere \u201cG\u0131da ve \u0130\u00e7ecek Sanayi Dernekleri Federasyonu\u201d kurulmu\u015ftur. \u00a0 FEDERASYONUN ADI VE MERKEZ\u0130 \u00a0 Madde 2-\u00a0 Federasyon\u2019un ad\u0131; \u201cT\u00fcrkiye G\u0131da ve \u0130\u00e7ecek Sanayi Dernekleri Federasyonu\u201d olup [&hellip;]<\/p>\n","protected":false},"author":1436,"featured_media":0,"parent":1074,"menu_order":0,"comment_status":"closed","ping_status":"closed","template":"","meta":{"footnotes":""},"class_list":["post-523","page","type-page","status-publish","hentry"],"_links":{"self":[{"href":"https:\/\/www.tgdf.org.tr\/chn\/wp-json\/wp\/v2\/pages\/523","targetHints":{"allow":["GET"]}}],"collection":[{"href":"https:\/\/www.tgdf.org.tr\/chn\/wp-json\/wp\/v2\/pages"}],"about":[{"href":"https:\/\/www.tgdf.org.tr\/chn\/wp-json\/wp\/v2\/types\/page"}],"author":[{"embeddable":true,"href":"https:\/\/www.tgdf.org.tr\/chn\/wp-json\/wp\/v2\/users\/1436"}],"replies":[{"embeddable":true,"href":"https:\/\/www.tgdf.org.tr\/chn\/wp-json\/wp\/v2\/comments?post=523"}],"version-history":[{"count":0,"href":"https:\/\/www.tgdf.org.tr\/chn\/wp-json\/wp\/v2\/pages\/523\/revisions"}],"up":[{"embeddable":true,"href":"https:\/\/www.tgdf.org.tr\/chn\/wp-json\/wp\/v2\/pages\/1074"}],"wp:attachment":[{"href":"https:\/\/www.tgdf.org.tr\/chn\/wp-json\/wp\/v2\/media?parent=523"}],"curies":[{"name":"wp","href":"https:\/\/api.w.org\/{rel}","templated":true}]}}